{"id":36817,"date":"2025-02-20T23:36:16","date_gmt":"2025-02-20T22:36:16","guid":{"rendered":"http:\/\/olemosaic.com\/producto\/iman-de-metal-panoramica-barcelona-8-cm-17\/"},"modified":"2025-07-25T18:59:11","modified_gmt":"2025-07-25T16:59:11","slug":"iman-de-metal-panoramica-mosaico-barcelona-8-cm-17","status":"publish","type":"product","link":"https:\/\/olemosaic.com\/pt-pt\/produto\/iman-de-metal-panoramica-mosaico-barcelona-8-cm-17\/","title":{"rendered":"\u00cdman de metal. Panor\u00e2mica. Mosaico. Barcelona. 8 cm."},"content":{"rendered":"<p>\u00cdman met\u00e1lico panor\u00e2mico de Barcelona. Este vibrante \u00edman, de 8 cm, capta a ess\u00eancia de Barcelona com um design colorido em estilo mosaico que destaca os monumentos mais emblem\u00e1ticos da cidade. Com uma representa\u00e7\u00e3o ic\u00f3nica da Sagrada Fam\u00edlia e do Parque G\u00fcell, oferece uma vista espetacular que reflete a criatividade arquitet\u00f3nica do famoso Gaud\u00ed. A imagem complementa-se com um c\u00e9u azul radiante que real\u00e7a a luminosidade desta metr\u00f3pole espanhola.<\/p>\n<p>O texto &#8220;I \u2665 Barcelona&#8221; aparece em letras chamativas, adicionando um toque din\u00e2mico e alegre ao design, perfeito para quem deseja levar um peda\u00e7o do esp\u00edrito barcelon\u00eas. Esta recorda\u00e7\u00e3o n\u00e3o \u00e9 apenas um objeto decorativo, mas tamb\u00e9m uma pe\u00e7a cultural que evoca as viv\u00eancias \u00fanicas de explorar esta vibrante cidade.<\/p>\n<p>Ideal como presente ou recorda\u00e7\u00e3o, este \u00edman \u00e9 uma excelente escolha para turistas que procuram lembran\u00e7as de qualidade que encapsulem a rica diversidade art\u00edstica de Barcelona. Na Ol\u00e9 Mosaic, especializamo-nos na distribui\u00e7\u00e3o de lembran\u00e7as por grosso, e este \u00edman met\u00e1lico \u00e9 uma op\u00e7\u00e3o perfeita para lojas de presentes tur\u00edsticos que desejem oferecer produtos aut\u00eanticos e representativos da cultura espanhola. Com o seu design atraente e relev\u00e2ncia cultural, torna-se um \u00edman de Barcelona que ningu\u00e9m deveria perder.<\/p>\n","protected":false},"excerpt":{"rendered":"<p>\u00cdman met\u00e1lico com uma vibrante panor\u00e2mica de Barcelona, de 8 cm. Este atraente \u00edman apresenta um design colorido em estilo mosaico, destacando monumentos emblem\u00e1ticos como a Sagrada Fam\u00edlia e o Parque G\u00fcell, tudo sob um c\u00e9u azul radiante. Com o texto &#8220;I \u2665 Barcelona&#8221; em letras chamativas, \u00e9 uma representa\u00e7\u00e3o perfeita do esp\u00edrito criativo da cidade. Ideal como recorda\u00e7\u00e3o ou presente que evoca a ess\u00eancia desta ic\u00f3nica metr\u00f3pole espanhola.<\/p>\n","protected":false},"featured_media":11414,"template":"","meta":{"_acf_changed":false},"product_brand":[],"product_cat":[699],"product_tag":[],"class_list":{"0":"post-36817","1":"product","2":"type-product","3":"status-publish","4":"has-post-thumbnail","6":"product_cat-imanes","7":"pa_ciudad-barcelona","8":"pa_motivo-panoramas","9":"pa_pais-espana","11":"first","12":"instock","13":"shipping-taxable","14":"product-type-simple"},"acf":[],"_links":{"self":[{"href":"https:\/\/olemosaic.com\/pt-pt\/wp-json\/wp\/v2\/product\/36817","targetHints":{"allow":["GET"]}}],"collection":[{"href":"https:\/\/olemosaic.com\/pt-pt\/wp-json\/wp\/v2\/product"}],"about":[{"href":"https:\/\/olemosaic.com\/pt-pt\/wp-json\/wp\/v2\/types\/product"}],"wp:featuredmedia":[{"embeddable":true,"href":"https:\/\/olemosaic.com\/pt-pt\/wp-json\/wp\/v2\/media\/11414"}],"wp:attachment":[{"href":"https:\/\/olemosaic.com\/pt-pt\/wp-json\/wp\/v2\/media?parent=36817"}],"wp:term":[{"taxonomy":"product_brand","embeddable":true,"href":"https:\/\/olemosaic.com\/pt-pt\/wp-json\/wp\/v2\/product_brand?post=36817"},{"taxonomy":"product_cat","embeddable":true,"href":"https:\/\/olemosaic.com\/pt-pt\/wp-json\/wp\/v2\/product_cat?post=36817"},{"taxonomy":"product_tag","embeddable":true,"href":"https:\/\/olemosaic.com\/pt-pt\/wp-json\/wp\/v2\/product_tag?post=36817"}],"curies":[{"name":"wp","href":"https:\/\/api.w.org\/{rel}","templated":true}]}}