{"id":34227,"date":"2025-02-20T23:34:05","date_gmt":"2025-02-20T22:34:05","guid":{"rendered":"http:\/\/olemosaic.com\/producto\/plato-de-ceramica-de-85-cm-bailaora-beige\/"},"modified":"2025-07-25T19:59:16","modified_gmt":"2025-07-25T17:59:16","slug":"prato-de-ceramica-de-8-5-cm-bailarina-bege","status":"publish","type":"product","link":"https:\/\/olemosaic.com\/pt-pt\/produto\/prato-de-ceramica-de-8-5-cm-bailarina-bege\/","title":{"rendered":"Prato de cer\u00e2mica de 8,5 cm. Bailarina. Bege."},"content":{"rendered":"<p>Este prato de cer\u00e2mica de 8,5 cm \u00e9 uma lembran\u00e7a encantadora que encapsula o esp\u00edrito vibrante do flamenco. Decorado \u00e0 m\u00e3o com um design art\u00edstico e colorido, representa uma bailarina em plena dan\u00e7a, capturada numa postura que evoca gra\u00e7a e paix\u00e3o. A bailarina, vestida com um traje repleto de mosaicos em tons brilhantes, est\u00e1 rodeada de belos elementos florais em tons de vermelho e verde que complementam a sua figura, tornando esta pe\u00e7a num espet\u00e1culo visual. A borda do prato \u00e9 de uma cor bege suave, que real\u00e7a ainda mais a intensidade das cores da ilustra\u00e7\u00e3o, criando um contraste atraente que ilumina qualquer espa\u00e7o.<\/p>\n<p>A inclus\u00e3o da palavra &#8220;ESPA\u00d1A&#8221; no design refor\u00e7a o seu valor como recorda\u00e7\u00e3o representativa da cultura espanhola, fazendo deste prato um excelente presente para aqueles que desejam levar um peda\u00e7o de tradi\u00e7\u00e3o para as suas casas. Al\u00e9m disso, o seu tamanho compacto torna-o uma op\u00e7\u00e3o ideal tanto para exibir em prateleiras como para ser utilizado como complemento decorativo em m\u00faltiplos locais. Este prato \u00e9 uma magn\u00edfica representa\u00e7\u00e3o dos souvenirs de Espanha, perfeito para turistas que procuram autenticidade e eleg\u00e2ncia nas suas compras. Na Ol\u00e9 Mosaic, especializamo-nos na distribui\u00e7\u00e3o de produtos de qualidade por grosso, e este prato de cer\u00e2mica \u00e9, sem d\u00favida, uma adi\u00e7\u00e3o de destaque para qualquer loja de presentes tur\u00edsticos.<\/p>\n","protected":false},"excerpt":{"rendered":"<p>Prato de cer\u00e2mica de 8,5 cm com um design vibrante que captura o esp\u00edrito do flamenco. Decorado com estilo artesanal, mostra uma bailarina cheia de gra\u00e7a, rodeada de elementos florais em tons de vermelho e verde. A borda do prato \u00e9 de cor bege, o que real\u00e7a ainda mais as cores vivas da ilustra\u00e7\u00e3o e das flores. Inclui a palavra &#8220;ESPA\u00d1A&#8221;, tornando-o uma recorda\u00e7\u00e3o atraente que representa a cultura espanhola. Ideal para exibir ou como complemento decorativo.<\/p>\n","protected":false},"featured_media":7196,"template":"","meta":{"_acf_changed":false},"product_brand":[],"product_cat":[629],"product_tag":[515],"class_list":{"0":"post-34227","1":"product","2":"type-product","3":"status-publish","4":"has-post-thumbnail","6":"product_cat-pratos-decorativos","7":"product_tag-ceramica","8":"pa_motivo-dancarinos","10":"first","11":"instock","12":"shipping-taxable","13":"product-type-simple"},"acf":[],"_links":{"self":[{"href":"https:\/\/olemosaic.com\/pt-pt\/wp-json\/wp\/v2\/product\/34227","targetHints":{"allow":["GET"]}}],"collection":[{"href":"https:\/\/olemosaic.com\/pt-pt\/wp-json\/wp\/v2\/product"}],"about":[{"href":"https:\/\/olemosaic.com\/pt-pt\/wp-json\/wp\/v2\/types\/product"}],"wp:featuredmedia":[{"embeddable":true,"href":"https:\/\/olemosaic.com\/pt-pt\/wp-json\/wp\/v2\/media\/7196"}],"wp:attachment":[{"href":"https:\/\/olemosaic.com\/pt-pt\/wp-json\/wp\/v2\/media?parent=34227"}],"wp:term":[{"taxonomy":"product_brand","embeddable":true,"href":"https:\/\/olemosaic.com\/pt-pt\/wp-json\/wp\/v2\/product_brand?post=34227"},{"taxonomy":"product_cat","embeddable":true,"href":"https:\/\/olemosaic.com\/pt-pt\/wp-json\/wp\/v2\/product_cat?post=34227"},{"taxonomy":"product_tag","embeddable":true,"href":"https:\/\/olemosaic.com\/pt-pt\/wp-json\/wp\/v2\/product_tag?post=34227"}],"curies":[{"name":"wp","href":"https:\/\/api.w.org\/{rel}","templated":true}]}}