{"id":31877,"date":"2025-02-20T22:32:08","date_gmt":"2025-02-20T22:32:08","guid":{"rendered":"http:\/\/olemosaic.com\/producto\/iman-de-metal-gallo-negro-8-cm\/"},"modified":"2025-07-25T21:04:23","modified_gmt":"2025-07-25T19:04:23","slug":"iman-de-metal-galo-preto-8-cm","status":"publish","type":"product","link":"https:\/\/olemosaic.com\/pt-pt\/produto\/iman-de-metal-galo-preto-8-cm\/","title":{"rendered":"\u00cdman de metal. Galo. Preto. 8 cm."},"content":{"rendered":"<p>Este \u00edman met\u00e1lico, com o seu colorido design de galo, \u00e9 uma recorda\u00e7\u00e3o apelativa que representa a rica cultura portuguesa. Com os seus 8 cm de tamanho, este \u00edman vibrante apresenta um cativante mosaico que combina vermelhos, amarelos, verdes e azuis sobre um fundo preto, real\u00e7ando a intensidade das cores e a beleza do design. O galo, um s\u00edmbolo ic\u00f3nico de Portugal, est\u00e1 adornado com formas geom\u00e9tricas que evocam a tradi\u00e7\u00e3o da arte popular e o folclore luso, tornando-se uma recorda\u00e7\u00e3o tang\u00edvel da riqueza cultural do pa\u00eds.<\/p>\n<p>Este \u00edman n\u00e3o \u00e9 apenas \u00fatil para prender notas, mas tamb\u00e9m serve como um adorno que confere um toque de cor e autenticidade a qualquer espa\u00e7o. A liga\u00e7\u00e3o cultural do galo com a hist\u00f3ria portuguesa torna-o um presente atraente e significativo para quem procura recorda\u00e7\u00f5es que encapsulem a ess\u00eancia de Portugal.<\/p>\n<p>Na Ol\u00e9 Mosaic, como grossistas de souvenirs, oferecemos produtos aut\u00eanticos como este \u00edman de galo, ideais para lojas de presentes tur\u00edsticos que desejem oferecer pe\u00e7as representativas da cultura portuguesa. \u00c9 uma excelente op\u00e7\u00e3o para os turistas que procuram levar para casa um peda\u00e7o da tradi\u00e7\u00e3o lusa atrav\u00e9s de souvenirs \u00fanicos.<\/p>\n","protected":false},"excerpt":{"rendered":"<p>\u00cdman met\u00e1lico com o design de um galo colorido, s\u00edmbolo ic\u00f3nico da cultura portuguesa. Este \u00edman, de 8 cm, apresenta um vibrante mosaico que combina tons de vermelho, amarelo, verde e azul sobre um fundo preto que real\u00e7a a sua beleza. O galo, decorado com formas geom\u00e9tricas, evoca a tradi\u00e7\u00e3o e o folclore de Portugal, tornando-o uma recorda\u00e7\u00e3o perfeita para os amantes da cultura lusa.<\/p>\n","protected":false},"featured_media":6958,"template":"","meta":{"_acf_changed":false},"product_brand":[],"product_cat":[699],"product_tag":[516],"class_list":{"0":"post-31877","1":"product","2":"type-product","3":"status-publish","4":"has-post-thumbnail","6":"product_cat-imanes","7":"product_tag-animais","8":"pa_motivo-galos","10":"first","11":"instock","12":"shipping-taxable","13":"product-type-simple"},"acf":[],"_links":{"self":[{"href":"https:\/\/olemosaic.com\/pt-pt\/wp-json\/wp\/v2\/product\/31877","targetHints":{"allow":["GET"]}}],"collection":[{"href":"https:\/\/olemosaic.com\/pt-pt\/wp-json\/wp\/v2\/product"}],"about":[{"href":"https:\/\/olemosaic.com\/pt-pt\/wp-json\/wp\/v2\/types\/product"}],"wp:featuredmedia":[{"embeddable":true,"href":"https:\/\/olemosaic.com\/pt-pt\/wp-json\/wp\/v2\/media\/6958"}],"wp:attachment":[{"href":"https:\/\/olemosaic.com\/pt-pt\/wp-json\/wp\/v2\/media?parent=31877"}],"wp:term":[{"taxonomy":"product_brand","embeddable":true,"href":"https:\/\/olemosaic.com\/pt-pt\/wp-json\/wp\/v2\/product_brand?post=31877"},{"taxonomy":"product_cat","embeddable":true,"href":"https:\/\/olemosaic.com\/pt-pt\/wp-json\/wp\/v2\/product_cat?post=31877"},{"taxonomy":"product_tag","embeddable":true,"href":"https:\/\/olemosaic.com\/pt-pt\/wp-json\/wp\/v2\/product_tag?post=31877"}],"curies":[{"name":"wp","href":"https:\/\/api.w.org\/{rel}","templated":true}]}}