{"id":27140,"date":"2025-02-20T22:28:45","date_gmt":"2025-02-20T22:28:45","guid":{"rendered":"http:\/\/olemosaic.com\/producto\/funda-de-telefono-para-iphone-11-pro-tpu-abstracto-azul\/"},"modified":"2025-07-25T19:33:56","modified_gmt":"2025-07-25T17:33:56","slug":"capa-para-telemovel-para-iphone-11-pro-tpu-abstrato-azul","status":"publish","type":"product","link":"https:\/\/olemosaic.com\/pt-pt\/produto\/capa-para-telemovel-para-iphone-11-pro-tpu-abstrato-azul\/","title":{"rendered":"Capa para telem\u00f3vel para iPhone 11 Pro (TPU). Abstrato. Azul"},"content":{"rendered":"<p>Esta capa para iPhone 11 Pro \u00e9 o acess\u00f3rio perfeito que combina funcionalidade e estilo contempor\u00e2neo. Fabricada em TPU de alta qualidade, n\u00e3o s\u00f3 protege o seu dispositivo contra choques e riscos, como tamb\u00e9m lhe confere um toque art\u00edstico e vibrante. O seu design abstrato em tons azuis \u00e9 complementado por um degrad\u00ea que vai do verde ao amarelo e vermelho, criando um efeito visual moderno e atraente que o far\u00e1 destacar-se. A superf\u00edcie lisa e flex\u00edvel da capa assegura um ajuste perfeito, facilitando o acesso a todas as portas e fun\u00e7\u00f5es do telem\u00f3vel sem sacrificar a prote\u00e7\u00e3o.<\/p>\n<p>Esta recorda\u00e7\u00e3o inspira-se na rica tradi\u00e7\u00e3o art\u00edstica da regi\u00e3o, onde as cores vibrantes e os padr\u00f5es geom\u00e9tricos s\u00e3o uma parte essencial da cultura visual. Ao escolher esta capa, n\u00e3o s\u00f3 obt\u00e9m um produto funcional, como tamb\u00e9m um peda\u00e7o do patrim\u00f3nio est\u00e9tico que poder\u00e1 levar consigo para todo o lado. Na Ol\u00e9 Mosaic, somos distribuidores de recorda\u00e7\u00f5es por grosso e oferecemos artigos \u00fanicos e representativos que s\u00e3o uma excelente op\u00e7\u00e3o para as lojas de presentes tur\u00edsticos que procuram produtos aut\u00eanticos e atraentes. Esta capa para iPhone \u00e9 a recorda\u00e7\u00e3o ideal para quem procura uma lembran\u00e7a contempor\u00e2nea e relevante, cheia de car\u00e1cter e colorido.<\/p>\n","protected":false},"excerpt":{"rendered":"<p>Capa para iPhone 11 Pro fabricada em TPU, com um design abstrato em tons azuis e um degrad\u00ea vibrante que combina verde, amarelo e vermelho. Esta capa n\u00e3o s\u00f3 protege de choques e riscos, como tamb\u00e9m adiciona um toque art\u00edstico ao seu dispositivo. A sua superf\u00edcie lisa e flex\u00edvel garante um ajuste perfeito, enquanto o design geom\u00e9trico oferece um efeito visual atraente e moderno, ideal para quem procura um acess\u00f3rio funcional e com estilo.<\/p>\n","protected":false},"featured_media":12170,"template":"","meta":{"_acf_changed":false},"product_brand":[],"product_cat":[685],"product_tag":[],"class_list":{"0":"post-27140","1":"product","2":"type-product","3":"status-publish","4":"has-post-thumbnail","6":"product_cat-capas-para-telemoveis","7":"pa_motivo-resumo","9":"first","10":"instock","11":"shipping-taxable","12":"product-type-simple"},"acf":[],"_links":{"self":[{"href":"https:\/\/olemosaic.com\/pt-pt\/wp-json\/wp\/v2\/product\/27140","targetHints":{"allow":["GET"]}}],"collection":[{"href":"https:\/\/olemosaic.com\/pt-pt\/wp-json\/wp\/v2\/product"}],"about":[{"href":"https:\/\/olemosaic.com\/pt-pt\/wp-json\/wp\/v2\/types\/product"}],"wp:featuredmedia":[{"embeddable":true,"href":"https:\/\/olemosaic.com\/pt-pt\/wp-json\/wp\/v2\/media\/12170"}],"wp:attachment":[{"href":"https:\/\/olemosaic.com\/pt-pt\/wp-json\/wp\/v2\/media?parent=27140"}],"wp:term":[{"taxonomy":"product_brand","embeddable":true,"href":"https:\/\/olemosaic.com\/pt-pt\/wp-json\/wp\/v2\/product_brand?post=27140"},{"taxonomy":"product_cat","embeddable":true,"href":"https:\/\/olemosaic.com\/pt-pt\/wp-json\/wp\/v2\/product_cat?post=27140"},{"taxonomy":"product_tag","embeddable":true,"href":"https:\/\/olemosaic.com\/pt-pt\/wp-json\/wp\/v2\/product_tag?post=27140"}],"curies":[{"name":"wp","href":"https:\/\/api.w.org\/{rel}","templated":true}]}}