{"id":33675,"date":"2025-02-20T23:35:30","date_gmt":"2025-02-20T22:35:30","guid":{"rendered":"http:\/\/olemosaic.com\/producto\/funda-de-telefono-para-iphone-15-pro-tpu-panoramica-barcelona-blanco\/"},"modified":"2025-07-25T18:34:38","modified_gmt":"2025-07-25T16:34:38","slug":"coque-de-telephone-pour-iphone-15-pro-tpu-panoramique-barcelone-blanc","status":"publish","type":"product","link":"https:\/\/olemosaic.com\/fr\/produit\/coque-de-telephone-pour-iphone-15-pro-tpu-panoramique-barcelone-blanc\/","title":{"rendered":"Coque de t\u00e9l\u00e9phone pour iPhone 15 Pro (TPU). Panoramique. Barcelone. Blanc"},"content":{"rendered":"<p>Coque pour iPhone 15 Pro avec motifs de Barcelone<\/p>\n<p>La coque pour iPhone 15 Pro est une \u0153uvre d&rsquo;art qui capture l&rsquo;essence vibrante de Barcelone. Fabriqu\u00e9e en TPU, cette coque offre une protection exceptionnelle pour votre appareil, combinant durabilit\u00e9 et design esth\u00e9tique. Elle se distingue par sa panoramique color\u00e9e, qui inclut des \u00e9l\u00e9ments iconiques de la ville, tels que la majestueuse Sagrada Familia et le magique Parc G\u00fcell, recr\u00e9\u00e9s dans des tons vibrants de rouge, jaune et vert. La base blanche de la coque rehausse les d\u00e9tails complexes de la mosa\u00efque, \u00e9voquant la technique du trencad\u00eds, signature de l&rsquo;h\u00e9ritage de Gaud\u00ed dans la capitale catalane.<\/p>\n<p>Le texte \u00ab\u00a0Barcelone\u00a0\u00bb fait \u00e9galement partie de ce design tr\u00e8s sp\u00e9cial, ajoutant une touche personnelle et authentique qui connecte les utilisateurs \u00e0 la riche culture de la ville. Cette coque n&#8217;embellit pas seulement votre appareil, elle le prot\u00e8ge \u00e9galement, devenant un excellent souvenir pour les touristes souhaitant emporter un morceau de Barcelone. Chez Ol\u00e9 Mosaic, nous proposons cette coque dans le cadre de notre s\u00e9lection de souvenirs authentiques, id\u00e9ale pour les boutiques de cadeaux touristiques \u00e0 la recherche d&rsquo;articles uniques et de qualit\u00e9. Avec la coque de t\u00e9l\u00e9phone de Barcelone, les touristes n&rsquo;acqui\u00e8rent pas seulement un accessoire fonctionnel, mais un symbole culturel qui refl\u00e8te la beaut\u00e9 et la cr\u00e9ativit\u00e9 de cette ville embl\u00e9matique.<\/p>\n","protected":false},"excerpt":{"rendered":"<p>Coque pour iPhone 15 Pro fabriqu\u00e9e en TPU, avec une panoramique color\u00e9e de Barcelone. D\u00e9cor\u00e9e d&rsquo;un design incluant des \u00e9l\u00e9ments embl\u00e9matiques de la ville, comme la Sagrada Familia et le Parc G\u00fcell, dans des tons vibrants rouges, jaunes et verts. La base blanche rehausse les d\u00e9tails complexes de la mosa\u00efque, et le texte \u00ab\u00a0Barcelone\u00a0\u00bb ajoute une touche distinctive. Id\u00e9al pour prot\u00e9ger et embellir votre appareil avec un art inspirant.<\/p>\n","protected":false},"featured_media":12447,"template":"","meta":{"_acf_changed":false},"product_brand":[],"product_cat":[674],"product_tag":[],"class_list":{"0":"post-33675","1":"product","2":"type-product","3":"status-publish","4":"has-post-thumbnail","6":"product_cat-etuis-pour-telephones-portables","7":"pa_ciudad-barcelona","8":"pa_motivo-panoramas","9":"pa_pais-espana","11":"first","12":"instock","13":"shipping-taxable","14":"product-type-simple"},"acf":[],"_links":{"self":[{"href":"https:\/\/olemosaic.com\/fr\/wp-json\/wp\/v2\/product\/33675","targetHints":{"allow":["GET"]}}],"collection":[{"href":"https:\/\/olemosaic.com\/fr\/wp-json\/wp\/v2\/product"}],"about":[{"href":"https:\/\/olemosaic.com\/fr\/wp-json\/wp\/v2\/types\/product"}],"wp:featuredmedia":[{"embeddable":true,"href":"https:\/\/olemosaic.com\/fr\/wp-json\/wp\/v2\/media\/12447"}],"wp:attachment":[{"href":"https:\/\/olemosaic.com\/fr\/wp-json\/wp\/v2\/media?parent=33675"}],"wp:term":[{"taxonomy":"product_brand","embeddable":true,"href":"https:\/\/olemosaic.com\/fr\/wp-json\/wp\/v2\/product_brand?post=33675"},{"taxonomy":"product_cat","embeddable":true,"href":"https:\/\/olemosaic.com\/fr\/wp-json\/wp\/v2\/product_cat?post=33675"},{"taxonomy":"product_tag","embeddable":true,"href":"https:\/\/olemosaic.com\/fr\/wp-json\/wp\/v2\/product_tag?post=33675"}],"curies":[{"name":"wp","href":"https:\/\/api.w.org\/{rel}","templated":true}]}}