{"id":33423,"date":"2025-02-20T22:35:15","date_gmt":"2025-02-20T22:35:15","guid":{"rendered":"http:\/\/olemosaic.com\/producto\/funda-de-telefono-para-iphone-13-pro-tpu-panoramica-barcelona-blanco\/"},"modified":"2025-07-25T20:32:08","modified_gmt":"2025-07-25T18:32:08","slug":"coque-de-telephone-pour-iphone-13-pro-tpu-panoramique-barcelone-blanc","status":"publish","type":"product","link":"https:\/\/olemosaic.com\/fr\/produit\/coque-de-telephone-pour-iphone-13-pro-tpu-panoramique-barcelone-blanc\/","title":{"rendered":"Coque de t\u00e9l\u00e9phone pour iPhone 13 Pro (TPU). Panoramique. Barcelone. Blanc"},"content":{"rendered":"<p>Coque pour iPhone 13 Pro avec panoramique de Barcelone<\/p>\n<p>Avec cette coque pour iPhone 13 Pro, vous pourrez emporter avec vous un morceau de Barcelone, l&rsquo;une des villes les plus embl\u00e9matiques d&rsquo;Espagne. Fabriqu\u00e9e en TPU, son design r\u00e9sistant et flexible offre une excellente protection pour votre appareil, tandis que sa d\u00e9coration spectaculaire pr\u00e9sente une panoramique vibrante de la ville. Les structures architecturales iconiques telles que la Sagrada Familia et le Parc G\u00fcell se distinguent, repr\u00e9sent\u00e9es dans un charmant style mosa\u00efque. Les couleurs intenses qui la d\u00e9corent \u2013 rouges, jaunes et verts \u2013 \u00e9voquent la singularit\u00e9 de l&rsquo;art d&rsquo;Antoni Gaud\u00ed, refl\u00e9tant l&rsquo;essence de la capitale catalane \u00e0 chaque regard.<\/p>\n<p>En plus de sa fonction protectrice, cette coque est un souvenir parfait pour ceux qui recherchent un souvenir authentique de leur visite \u00e0 Barcelone. La combinaison de d\u00e9tails artistiques avec l&rsquo;image de monuments si repr\u00e9sentatifs en fait un sujet de conversation int\u00e9ressant sur le riche h\u00e9ritage culturel et architectural de la ville. Chez Ol\u00e9 Mosaic, nous sommes distributeurs de souvenirs en gros, et cette coque est une excellente option pour les boutiques de cadeaux touristiques souhaitant proposer des produits authentiques et \u00e9l\u00e9gants. Attirez vos clients avec ce souvenir impressionnant qui c\u00e9l\u00e8bre la beaut\u00e9 de Barcelone.<\/p>\n","protected":false},"excerpt":{"rendered":"<p>Coque pour iPhone 13 Pro fabriqu\u00e9e en TPU, d\u00e9cor\u00e9e d&rsquo;une panoramique vibrante de Barcelone. Son design montre des structures architecturales embl\u00e9matiques comme la Sagrada Familia et le Parc G\u00fcell, repr\u00e9sent\u00e9es avec un charmant style de mosa\u00efque m\u00e9langeant des couleurs intenses comme le rouge, le jaune et le vert. Avec des d\u00e9tails artistiques, cette coque combine fonctionnalit\u00e9 et style, refl\u00e9tant l&rsquo;essence de la capitale catalane \u00e0 chaque regard.<\/p>\n","protected":false},"featured_media":12314,"template":"","meta":{"_acf_changed":false},"product_brand":[],"product_cat":[674],"product_tag":[],"class_list":{"0":"post-33423","1":"product","2":"type-product","3":"status-publish","4":"has-post-thumbnail","6":"product_cat-etuis-pour-telephones-portables","7":"pa_ciudad-barcelona","8":"pa_motivo-panoramas","9":"pa_pais-espana","11":"first","12":"instock","13":"shipping-taxable","14":"product-type-simple"},"acf":[],"_links":{"self":[{"href":"https:\/\/olemosaic.com\/fr\/wp-json\/wp\/v2\/product\/33423","targetHints":{"allow":["GET"]}}],"collection":[{"href":"https:\/\/olemosaic.com\/fr\/wp-json\/wp\/v2\/product"}],"about":[{"href":"https:\/\/olemosaic.com\/fr\/wp-json\/wp\/v2\/types\/product"}],"wp:featuredmedia":[{"embeddable":true,"href":"https:\/\/olemosaic.com\/fr\/wp-json\/wp\/v2\/media\/12314"}],"wp:attachment":[{"href":"https:\/\/olemosaic.com\/fr\/wp-json\/wp\/v2\/media?parent=33423"}],"wp:term":[{"taxonomy":"product_brand","embeddable":true,"href":"https:\/\/olemosaic.com\/fr\/wp-json\/wp\/v2\/product_brand?post=33423"},{"taxonomy":"product_cat","embeddable":true,"href":"https:\/\/olemosaic.com\/fr\/wp-json\/wp\/v2\/product_cat?post=33423"},{"taxonomy":"product_tag","embeddable":true,"href":"https:\/\/olemosaic.com\/fr\/wp-json\/wp\/v2\/product_tag?post=33423"}],"curies":[{"name":"wp","href":"https:\/\/api.w.org\/{rel}","templated":true}]}}