{"id":31713,"date":"2025-02-20T23:33:32","date_gmt":"2025-02-20T22:33:32","guid":{"rendered":"http:\/\/olemosaic.com\/producto\/llavero-de-madera-letra-u-2\/"},"modified":"2025-07-25T19:49:34","modified_gmt":"2025-07-25T17:49:34","slug":"porte-cles-en-bois-lettre-u-2","status":"publish","type":"product","link":"https:\/\/olemosaic.com\/fr\/produit\/porte-cles-en-bois-lettre-u-2\/","title":{"rendered":"Porte-cl\u00e9s en bois. Lettre U. Mosa\u00efque. Barcelone."},"content":{"rendered":"<p>Ce porte-cl\u00e9s en bois en forme de lettre \u00ab U \u00bb est une pi\u00e8ce exceptionnelle qui rend hommage au style vibrant du trencad\u00eds du c\u00e9l\u00e8bre architecte Antoni Gaud\u00ed, embl\u00e9matique de l&rsquo;architecture moderniste de Barcelone. Le design color\u00e9 de ce porte-cl\u00e9s pr\u00e9sente des fragments de c\u00e9ramique dans des tons jaunes, rouges, bleus et verts, encapsulant l&rsquo;essence de la cit\u00e9 comtale. La lettre \u00ab U \u00bb est entour\u00e9e d&rsquo;un motif noir complexe qui apporte d\u00e9finition et \u00e9l\u00e9gance, en faisant une pi\u00e8ce non seulement fonctionnelle, mais aussi d\u00e9corative. Sa finition lisse procure une sensation agr\u00e9able au toucher, soulignant la qualit\u00e9 de l&rsquo;artisanat. Ce porte-cl\u00e9s est plus qu&rsquo;un simple accessoire ; c&rsquo;est un souvenir tangible qui \u00e9voque la beaut\u00e9 et la cr\u00e9ativit\u00e9 de Barcelone, id\u00e9al pour ceux qui recherchent un souvenir authentique et repr\u00e9sentatif de leur voyage.<\/p>\n<p>Chez Ol\u00e9 Mosaic, nous nous sp\u00e9cialisons dans la distribution de souvenirs en gros qui capturent l&rsquo;esprit culturel de chaque r\u00e9gion. Ce porte-cl\u00e9s en bois est parfait pour les boutiques de cadeaux touristiques qui souhaitent proposer des produits uniques et de haute qualit\u00e9. En choisissant ce porte-cl\u00e9s frappant de Barcelone, les touristes emportent avec eux un morceau de la magie de la ville, id\u00e9al pour se souvenir de leur exp\u00e9rience et la partager avec leurs amis et leur famille. En tant que grossiste de souvenirs, nous garantissons l&rsquo;authenticit\u00e9 et le style de chacune de nos pi\u00e8ces, assurant \u00e0 nos clients un produit qui se d\u00e9marque sur le march\u00e9.<\/p>\n","protected":false},"excerpt":{"rendered":"<p>Porte-cl\u00e9s en bois en forme de \u00ab U \u00bb, inspir\u00e9 du trencad\u00eds color\u00e9 de Gaud\u00ed. Ce porte-cl\u00e9s pr\u00e9sente un design d\u00e9coratif combinant des fragments de c\u00e9ramique dans des tons jaunes, rouges, bleus et verts, capturant l&rsquo;essence vibrante de l&rsquo;architecture moderniste de Barcelone. Sa finition lisse et l&rsquo;utilisation de lignes noires en font une pi\u00e8ce attrayante et originale, id\u00e9ale pour se souvenir de la beaut\u00e9 de la ville.<\/p>\n","protected":false},"featured_media":10940,"template":"","meta":{"_acf_changed":false},"product_brand":[],"product_cat":[607],"product_tag":[614],"class_list":{"0":"post-31713","1":"product","2":"type-product","3":"status-publish","4":"has-post-thumbnail","6":"product_cat-porte-cles","7":"product_tag-lettres","8":"pa_motivo-lettre-u","10":"first","11":"instock","12":"shipping-taxable","13":"product-type-simple"},"acf":[],"_links":{"self":[{"href":"https:\/\/olemosaic.com\/fr\/wp-json\/wp\/v2\/product\/31713","targetHints":{"allow":["GET"]}}],"collection":[{"href":"https:\/\/olemosaic.com\/fr\/wp-json\/wp\/v2\/product"}],"about":[{"href":"https:\/\/olemosaic.com\/fr\/wp-json\/wp\/v2\/types\/product"}],"wp:featuredmedia":[{"embeddable":true,"href":"https:\/\/olemosaic.com\/fr\/wp-json\/wp\/v2\/media\/10940"}],"wp:attachment":[{"href":"https:\/\/olemosaic.com\/fr\/wp-json\/wp\/v2\/media?parent=31713"}],"wp:term":[{"taxonomy":"product_brand","embeddable":true,"href":"https:\/\/olemosaic.com\/fr\/wp-json\/wp\/v2\/product_brand?post=31713"},{"taxonomy":"product_cat","embeddable":true,"href":"https:\/\/olemosaic.com\/fr\/wp-json\/wp\/v2\/product_cat?post=31713"},{"taxonomy":"product_tag","embeddable":true,"href":"https:\/\/olemosaic.com\/fr\/wp-json\/wp\/v2\/product_tag?post=31713"}],"curies":[{"name":"wp","href":"https:\/\/api.w.org\/{rel}","templated":true}]}}