{"id":31586,"date":"2025-02-20T23:33:24","date_gmt":"2025-02-20T22:33:24","guid":{"rendered":"http:\/\/olemosaic.com\/producto\/llavero-de-madera-letra-f\/"},"modified":"2025-07-25T18:46:01","modified_gmt":"2025-07-25T16:46:01","slug":"porte-cles-en-bois-lettre-f","status":"publish","type":"product","link":"https:\/\/olemosaic.com\/fr\/produit\/porte-cles-en-bois-lettre-f\/","title":{"rendered":"Porte-cl\u00e9s en bois. Lettre F."},"content":{"rendered":"<p>Ce porte-cl\u00e9s en bois avec la lettre \u00ab\u00a0F\u00a0\u00bb est un charmant souvenir inspir\u00e9 du trencad\u00eds, technique embl\u00e9matique de l&rsquo;architecture barcelonaise. Son design vibrant pr\u00e9sente une base blanche qui fait ressortir une mosa\u00efque de couleurs bleu, vert et jaune, \u00e9voquant l&rsquo;\u0153uvre innovante d&rsquo;Antoni Gaud\u00ed, connu pour son utilisation caract\u00e9ristique des formes et des couleurs. Chaque d\u00e9tail du porte-cl\u00e9s a \u00e9t\u00e9 soigneusement \u00e9labor\u00e9, refl\u00e9tant la singularit\u00e9 des \u00e9l\u00e9ments qui ornent les monuments les plus c\u00e9l\u00e8bres de la ville, tels que la Sagrada Familia et le Parc G\u00fcell. Ce porte-cl\u00e9s n&rsquo;est pas seulement un outil fonctionnel pour porter ses cl\u00e9s, mais aussi un accessoire esth\u00e9tique et personnalis\u00e9 qui ajoute une touche artistique \u00e0 votre vie quotidienne.<\/p>\n<p>La lettre \u00ab\u00a0F\u00a0\u00bb peut repr\u00e9senter un nom, un lieu ou un mot significatif, ce qui fait de ce porte-cl\u00e9s un cadeau id\u00e9al pour ceux qui recherchent un souvenir authentique et porteur de sens. Chez Ol\u00e9 Mosaic, nous sommes sp\u00e9cialistes de la distribution de souvenirs en gros, et nous proposons des produits comme ce porte-cl\u00e9s, qui encapsule l&rsquo;essence et la cr\u00e9ativit\u00e9 de Barcelone. C&rsquo;est un excellent choix pour les boutiques de cadeaux touristiques, car il combine art, fonctionnalit\u00e9 et un lien culturel fort, en faisant une pi\u00e8ce m\u00e9morable qui c\u00e9l\u00e8bre l&rsquo;esprit de la ville.<\/p>\n","protected":false},"excerpt":{"rendered":"<p>Porte-cl\u00e9s en bois en forme de lettre \u00ab\u00a0F\u00a0\u00bb, d\u00e9cor\u00e9 d&rsquo;un design color\u00e9 inspir\u00e9 du trencad\u00eds, technique typique de Barcelone. Ce porte-cl\u00e9s attrayant pr\u00e9sente une base blanche avec une palette vari\u00e9e de couleurs en bleu, vert et jaune, \u00e9voquant la cr\u00e9ativit\u00e9 de l&rsquo;\u0153uvre de Gaud\u00ed. Id\u00e9al comme souvenir ou cadeau, il combine fonctionnalit\u00e9 et style dans un accessoire unique et personnalis\u00e9.<\/p>\n","protected":false},"featured_media":10925,"template":"","meta":{"_acf_changed":false},"product_brand":[],"product_cat":[607],"product_tag":[614],"class_list":{"0":"post-31586","1":"product","2":"type-product","3":"status-publish","4":"has-post-thumbnail","6":"product_cat-porte-cles","7":"product_tag-lettres","8":"pa_motivo-lettre-f","10":"first","11":"instock","12":"shipping-taxable","13":"product-type-simple"},"acf":[],"_links":{"self":[{"href":"https:\/\/olemosaic.com\/fr\/wp-json\/wp\/v2\/product\/31586","targetHints":{"allow":["GET"]}}],"collection":[{"href":"https:\/\/olemosaic.com\/fr\/wp-json\/wp\/v2\/product"}],"about":[{"href":"https:\/\/olemosaic.com\/fr\/wp-json\/wp\/v2\/types\/product"}],"wp:featuredmedia":[{"embeddable":true,"href":"https:\/\/olemosaic.com\/fr\/wp-json\/wp\/v2\/media\/10925"}],"wp:attachment":[{"href":"https:\/\/olemosaic.com\/fr\/wp-json\/wp\/v2\/media?parent=31586"}],"wp:term":[{"taxonomy":"product_brand","embeddable":true,"href":"https:\/\/olemosaic.com\/fr\/wp-json\/wp\/v2\/product_brand?post=31586"},{"taxonomy":"product_cat","embeddable":true,"href":"https:\/\/olemosaic.com\/fr\/wp-json\/wp\/v2\/product_cat?post=31586"},{"taxonomy":"product_tag","embeddable":true,"href":"https:\/\/olemosaic.com\/fr\/wp-json\/wp\/v2\/product_tag?post=31586"}],"curies":[{"name":"wp","href":"https:\/\/api.w.org\/{rel}","templated":true}]}}