{"id":26060,"date":"2025-02-20T22:28:07","date_gmt":"2025-02-20T22:28:07","guid":{"rendered":"http:\/\/olemosaic.com\/producto\/cenicero-de-ceramica-de-10-cm-mosaico-blanco\/"},"modified":"2025-07-25T19:50:00","modified_gmt":"2025-07-25T17:50:00","slug":"cendrier-en-ceramique-de-10-cm-mosaique-blanc","status":"publish","type":"product","link":"https:\/\/olemosaic.com\/fr\/produit\/cendrier-en-ceramique-de-10-cm-mosaique-blanc\/","title":{"rendered":"Cendrier en c\u00e9ramique de 10 cm. Mosa\u00efque. Blanc"},"content":{"rendered":"<p>Cendrier en c\u00e9ramique d\u00e9cor\u00e9 d&rsquo;une mosa\u00efque vibrante aux tons bleu, rouge et orange. Ce charmant cendrier, de 10 cm de diam\u00e8tre, se distingue par son design captivant, qui combine une base blanche immacul\u00e9e avec des illustrations complexes \u00e9voquant la riche tradition de l&rsquo;art c\u00e9ramique espagnol. \u00c0 l&rsquo;int\u00e9rieur, une mosa\u00efque de formes g\u00e9om\u00e9triques et florales se d\u00e9ploie dans une symphonie de couleurs, rappelant l&rsquo;architecture et le folklore caract\u00e9ristiques de diverses r\u00e9gions d&rsquo;Espagne, en particulier de l&rsquo;Andalousie.<\/p>\n<p>Le cendrier n&rsquo;est pas seulement un objet pratique, mais aussi une pi\u00e8ce d\u00e9corative de grande valeur culturelle, id\u00e9ale pour n&rsquo;importe quel coin de votre maison. Parfait pour l&rsquo;int\u00e9rieur et l&rsquo;ext\u00e9rieur, son esth\u00e9tique s&rsquo;adapte \u00e0 diff\u00e9rents styles d\u00e9coratifs, rehaussant la beaut\u00e9 de l&rsquo;environnement. Ce produit est un authentique souvenir de la culture espagnole, symbolisant la ma\u00eetrise artisanale qui perdure au fil des ans.<\/p>\n<p>Chez Ol\u00e9 Mosaic, nous sommes fiers de proposer des souvenirs authentiques qui refl\u00e8tent l&rsquo;essence de l&rsquo;Espagne. Ce cendrier en c\u00e9ramique est une excellente option pour les touristes et les boutiques de cadeaux touristiques qui recherchent un d\u00e9tail significatif et fonctionnel, devenant un souvenir id\u00e9al de la richesse culturelle du pays et une repr\u00e9sentation de l&rsquo;art c\u00e9ramique traditionnel.<\/p>\n","protected":false},"excerpt":{"rendered":"<p>Cendrier en c\u00e9ramique de 10 cm, orn\u00e9 d&rsquo;un design vibrant de mosa\u00efque dans les tons bleus, rouges et oranges. Cet \u00e9l\u00e9gant cendrier pr\u00e9sente une base blanche avec des illustrations complexes qui \u00e9voquent la richesse de l&rsquo;art c\u00e9ramique espagnol. Id\u00e9al pour n&rsquo;importe quel coin de votre maison, il allie fonctionnalit\u00e9 et esth\u00e9tique d\u00e9corative, parfait pour ceux qui appr\u00e9cient le style traditionnel et les \u00e9l\u00e9ments culturels du pays.<\/p>\n","protected":false},"featured_media":8873,"template":"","meta":{"_acf_changed":false},"product_brand":[],"product_cat":[584],"product_tag":[585],"class_list":{"0":"post-26060","1":"product","2":"type-product","3":"status-publish","4":"has-post-thumbnail","6":"product_cat-cendriers","7":"product_tag-ceramique","8":"pa_motivo-mosaique","10":"first","11":"instock","12":"shipping-taxable","13":"product-type-simple"},"acf":[],"_links":{"self":[{"href":"https:\/\/olemosaic.com\/fr\/wp-json\/wp\/v2\/product\/26060","targetHints":{"allow":["GET"]}}],"collection":[{"href":"https:\/\/olemosaic.com\/fr\/wp-json\/wp\/v2\/product"}],"about":[{"href":"https:\/\/olemosaic.com\/fr\/wp-json\/wp\/v2\/types\/product"}],"wp:featuredmedia":[{"embeddable":true,"href":"https:\/\/olemosaic.com\/fr\/wp-json\/wp\/v2\/media\/8873"}],"wp:attachment":[{"href":"https:\/\/olemosaic.com\/fr\/wp-json\/wp\/v2\/media?parent=26060"}],"wp:term":[{"taxonomy":"product_brand","embeddable":true,"href":"https:\/\/olemosaic.com\/fr\/wp-json\/wp\/v2\/product_brand?post=26060"},{"taxonomy":"product_cat","embeddable":true,"href":"https:\/\/olemosaic.com\/fr\/wp-json\/wp\/v2\/product_cat?post=26060"},{"taxonomy":"product_tag","embeddable":true,"href":"https:\/\/olemosaic.com\/fr\/wp-json\/wp\/v2\/product_tag?post=26060"}],"curies":[{"name":"wp","href":"https:\/\/api.w.org\/{rel}","templated":true}]}}